{"id":3545,"date":"2021-04-21T13:14:51","date_gmt":"2021-04-21T11:14:51","guid":{"rendered":"https:\/\/monteparra.controlv.es\/?page_id=3545"},"modified":"2023-02-07T19:31:43","modified_gmt":"2023-02-07T18:31:43","slug":"monteparra","status":"publish","type":"page","link":"https:\/\/www.monteparra.com\/tienda\/","title":{"rendered":"Monteparra"},"content":{"rendered":"<p><div class=\"fusion-fullwidth fullwidth-box fusion-builder-row-1 fusion-flex-container has-pattern-background has-mask-background hundred-percent-fullwidth non-hundred-percent-height-scrolling fusion-animated\" style=\"--link_hover_color: var(--awb-color4);--link_color: var(--awb-color1);--awb-border-sizes-left:20px;--awb-border-sizes-right:20px;--awb-border-color:var(--awb-color1);--awb-border-radius-top-left:0px;--awb-border-radius-top-right:0px;--awb-border-radius-bottom-right:0px;--awb-border-radius-bottom-left:0px;--awb-padding-right:0px;--awb-padding-left:0px;--awb-margin-bottom:50px;--awb-margin-bottom-medium:65px;--awb-background-color:var(--awb-color1);--awb-flex-wrap:wrap;\" data-animationType=\"fadeIn\" data-animationDuration=\"0.8\" data-animationOffset=\"top-into-view\" ><div class=\"fusion-builder-row fusion-row fusion-flex-align-items-stretch fusion-flex-content-wrap\" style=\"width:calc( 100% + 0px ) !important;max-width:calc( 100% + 0px ) !important;margin-left: calc(-0px \/ 2 );margin-right: calc(-0px \/ 2 );\"><div class=\"fusion-layout-column fusion_builder_column fusion-builder-column-0 fusion_builder_column_1_2 1_2 fusion-flex-column\" style=\"--awb-bg-color:var(--awb-color1);--awb-bg-color-hover:var(--awb-color1);--awb-bg-position:center top;--awb-bg-size:cover;--awb-filter:saturate(100%);--awb-filter-transition:filter 0.3s ease;--awb-filter-hover:saturate(120%);--awb-width-large:50%;--awb-margin-top-large:0px;--awb-spacing-right-large:0;--awb-margin-bottom-large:0px;--awb-spacing-left-large:0;--awb-width-medium:50%;--awb-order-medium:0;--awb-spacing-right-medium:0;--awb-spacing-left-medium:0;--awb-width-small:100%;--awb-order-small:0;--awb-spacing-right-small:0;--awb-margin-bottom-small:20px;--awb-spacing-left-small:0;\"><div class=\"fusion-column-wrapper fusion-column-has-shadow fusion-flex-justify-content-center fusion-content-layout-column\"><div class=\"fusion-image-element \" style=\"--awb-caption-title-font-family:var(--h2_typography-font-family);--awb-caption-title-font-weight:var(--h2_typography-font-weight);--awb-caption-title-font-style:var(--h2_typography-font-style);--awb-caption-title-size:var(--h2_typography-font-size);--awb-caption-title-transform:var(--h2_typography-text-transform);--awb-caption-title-line-height:var(--h2_typography-line-height);--awb-caption-title-letter-spacing:var(--h2_typography-letter-spacing);--awb-filter:brightness(100%);--awb-filter-transition:filter 0.3s ease;--awb-filter-hover:brightness(80%);\"><span class=\" fusion-imageframe imageframe-none imageframe-1 hover-type-none\"><a class=\"fusion-no-lightbox\" href=\"https:\/\/www.monteparra.com\/tienda\/categoria-producto\/jamones-y-paletas\/\" target=\"_self\" aria-label=\"Jamones y paletas\"><img decoding=\"async\" width=\"1886\" height=\"1304\" alt=\"Jamones y paletas\" src=\"https:\/\/www.monteparra.com\/tienda\/wp-content\/uploads\/2022\/10\/ibericos-jamones-embutidos-guijuelo-salamanca-monteparra-CAT-jamonesypaletas.webp\" data-orig-src=\"https:\/\/www.monteparra.com\/tienda\/wp-content\/uploads\/2022\/10\/ibericos-jamones-embutidos-guijuelo-salamanca-monteparra-CAT-jamonesypaletas.webp\" class=\"lazyload img-responsive wp-image-3673\" srcset=\"data:image\/svg+xml,%3Csvg%20xmlns%3D%27http%3A%2F%2Fwww.w3.org%2F2000%2Fsvg%27%20width%3D%271886%27%20height%3D%271304%27%20viewBox%3D%270%200%201886%201304%27%3E%3Crect%20width%3D%271886%27%20height%3D%271304%27%20fill-opacity%3D%220%22%2F%3E%3C%2Fsvg%3E\" data-srcset=\"https:\/\/www.monteparra.com\/tienda\/wp-content\/uploads\/2022\/10\/ibericos-jamones-embutidos-guijuelo-salamanca-monteparra-CAT-jamonesypaletas-200x138.webp 200w, https:\/\/www.monteparra.com\/tienda\/wp-content\/uploads\/2022\/10\/ibericos-jamones-embutidos-guijuelo-salamanca-monteparra-CAT-jamonesypaletas-300x207.webp 300w, https:\/\/www.monteparra.com\/tienda\/wp-content\/uploads\/2022\/10\/ibericos-jamones-embutidos-guijuelo-salamanca-monteparra-CAT-jamonesypaletas-400x277.webp 400w, https:\/\/www.monteparra.com\/tienda\/wp-content\/uploads\/2022\/10\/ibericos-jamones-embutidos-guijuelo-salamanca-monteparra-CAT-jamonesypaletas-500x346.webp 500w, https:\/\/www.monteparra.com\/tienda\/wp-content\/uploads\/2022\/10\/ibericos-jamones-embutidos-guijuelo-salamanca-monteparra-CAT-jamonesypaletas-600x415.webp 600w, https:\/\/www.monteparra.com\/tienda\/wp-content\/uploads\/2022\/10\/ibericos-jamones-embutidos-guijuelo-salamanca-monteparra-CAT-jamonesypaletas-700x484.webp 700w, https:\/\/www.monteparra.com\/tienda\/wp-content\/uploads\/2022\/10\/ibericos-jamones-embutidos-guijuelo-salamanca-monteparra-CAT-jamonesypaletas-768x531.webp 768w, https:\/\/www.monteparra.com\/tienda\/wp-content\/uploads\/2022\/10\/ibericos-jamones-embutidos-guijuelo-salamanca-monteparra-CAT-jamonesypaletas-800x553.webp 800w, https:\/\/www.monteparra.com\/tienda\/wp-content\/uploads\/2022\/10\/ibericos-jamones-embutidos-guijuelo-salamanca-monteparra-CAT-jamonesypaletas-1024x708.webp 1024w, https:\/\/www.monteparra.com\/tienda\/wp-content\/uploads\/2022\/10\/ibericos-jamones-embutidos-guijuelo-salamanca-monteparra-CAT-jamonesypaletas-1200x830.webp 1200w, https:\/\/www.monteparra.com\/tienda\/wp-content\/uploads\/2022\/10\/ibericos-jamones-embutidos-guijuelo-salamanca-monteparra-CAT-jamonesypaletas-1536x1062.webp 1536w, https:\/\/www.monteparra.com\/tienda\/wp-content\/uploads\/2022\/10\/ibericos-jamones-embutidos-guijuelo-salamanca-monteparra-CAT-jamonesypaletas.webp 1886w\" data-sizes=\"auto\" data-orig-sizes=\"(max-width: 640px) 100vw, 800px\" \/><\/a><\/span><\/div><\/div><\/div><div class=\"fusion-layout-column fusion_builder_column fusion-builder-column-1 fusion_builder_column_1_2 1_2 fusion-flex-column\" style=\"--awb-bg-color:var(--awb-color1);--awb-bg-color-hover:var(--awb-color1);--awb-bg-position:center top;--awb-bg-size:cover;--awb-filter:saturate(100%);--awb-filter-transition:filter 0.3s ease;--awb-filter-hover:saturate(120%);--awb-width-large:50%;--awb-margin-top-large:0px;--awb-spacing-right-large:0;--awb-margin-bottom-large:0px;--awb-spacing-left-large:0;--awb-width-medium:50%;--awb-order-medium:0;--awb-spacing-right-medium:0;--awb-spacing-left-medium:0;--awb-width-small:100%;--awb-order-small:0;--awb-spacing-right-small:0;--awb-margin-bottom-small:20px;--awb-spacing-left-small:0;\"><div class=\"fusion-column-wrapper fusion-column-has-shadow fusion-flex-justify-content-center fusion-content-layout-column\"><div class=\"fusion-image-element \" style=\"--awb-caption-title-font-family:var(--h2_typography-font-family);--awb-caption-title-font-weight:var(--h2_typography-font-weight);--awb-caption-title-font-style:var(--h2_typography-font-style);--awb-caption-title-size:var(--h2_typography-font-size);--awb-caption-title-transform:var(--h2_typography-text-transform);--awb-caption-title-line-height:var(--h2_typography-line-height);--awb-caption-title-letter-spacing:var(--h2_typography-letter-spacing);--awb-filter:brightness(100%);--awb-filter-transition:filter 0.3s ease;--awb-filter-hover:brightness(80%);\"><span class=\" fusion-imageframe imageframe-none imageframe-2 hover-type-none\"><a class=\"fusion-no-lightbox\" href=\"https:\/\/www.monteparra.com\/tienda\/categoria-producto\/loncheados\" target=\"_self\" aria-label=\"Nuestros loncheados\"><img decoding=\"async\" width=\"1886\" height=\"1304\" alt=\"Nuestros loncheados\" src=\"https:\/\/www.monteparra.com\/tienda\/wp-content\/uploads\/2022\/10\/ibericos-jamones-embutidos-guijuelo-salamanca-monteparra-CAT-loncheados.webp\" data-orig-src=\"https:\/\/www.monteparra.com\/tienda\/wp-content\/uploads\/2022\/10\/ibericos-jamones-embutidos-guijuelo-salamanca-monteparra-CAT-loncheados.webp\" class=\"lazyload img-responsive wp-image-3674\" srcset=\"data:image\/svg+xml,%3Csvg%20xmlns%3D%27http%3A%2F%2Fwww.w3.org%2F2000%2Fsvg%27%20width%3D%271886%27%20height%3D%271304%27%20viewBox%3D%270%200%201886%201304%27%3E%3Crect%20width%3D%271886%27%20height%3D%271304%27%20fill-opacity%3D%220%22%2F%3E%3C%2Fsvg%3E\" data-srcset=\"https:\/\/www.monteparra.com\/tienda\/wp-content\/uploads\/2022\/10\/ibericos-jamones-embutidos-guijuelo-salamanca-monteparra-CAT-loncheados-200x138.webp 200w, https:\/\/www.monteparra.com\/tienda\/wp-content\/uploads\/2022\/10\/ibericos-jamones-embutidos-guijuelo-salamanca-monteparra-CAT-loncheados-300x207.webp 300w, https:\/\/www.monteparra.com\/tienda\/wp-content\/uploads\/2022\/10\/ibericos-jamones-embutidos-guijuelo-salamanca-monteparra-CAT-loncheados-400x277.webp 400w, https:\/\/www.monteparra.com\/tienda\/wp-content\/uploads\/2022\/10\/ibericos-jamones-embutidos-guijuelo-salamanca-monteparra-CAT-loncheados-500x346.webp 500w, https:\/\/www.monteparra.com\/tienda\/wp-content\/uploads\/2022\/10\/ibericos-jamones-embutidos-guijuelo-salamanca-monteparra-CAT-loncheados-600x415.webp 600w, https:\/\/www.monteparra.com\/tienda\/wp-content\/uploads\/2022\/10\/ibericos-jamones-embutidos-guijuelo-salamanca-monteparra-CAT-loncheados-700x484.webp 700w, https:\/\/www.monteparra.com\/tienda\/wp-content\/uploads\/2022\/10\/ibericos-jamones-embutidos-guijuelo-salamanca-monteparra-CAT-loncheados-768x531.webp 768w, https:\/\/www.monteparra.com\/tienda\/wp-content\/uploads\/2022\/10\/ibericos-jamones-embutidos-guijuelo-salamanca-monteparra-CAT-loncheados-800x553.webp 800w, https:\/\/www.monteparra.com\/tienda\/wp-content\/uploads\/2022\/10\/ibericos-jamones-embutidos-guijuelo-salamanca-monteparra-CAT-loncheados-1024x708.webp 1024w, https:\/\/www.monteparra.com\/tienda\/wp-content\/uploads\/2022\/10\/ibericos-jamones-embutidos-guijuelo-salamanca-monteparra-CAT-loncheados-1200x830.webp 1200w, https:\/\/www.monteparra.com\/tienda\/wp-content\/uploads\/2022\/10\/ibericos-jamones-embutidos-guijuelo-salamanca-monteparra-CAT-loncheados-1536x1062.webp 1536w, https:\/\/www.monteparra.com\/tienda\/wp-content\/uploads\/2022\/10\/ibericos-jamones-embutidos-guijuelo-salamanca-monteparra-CAT-loncheados.webp 1886w\" data-sizes=\"auto\" data-orig-sizes=\"(max-width: 640px) 100vw, 800px\" \/><\/a><\/span><\/div><\/div><\/div><div class=\"fusion-layout-column fusion_builder_column fusion-builder-column-2 fusion_builder_column_1_1 1_1 fusion-flex-column fusion-no-small-visibility\" style=\"--awb-bg-color:var(--awb-color1);--awb-bg-color-hover:var(--awb-color1);--awb-bg-size:cover;--awb-width-large:100%;--awb-margin-top-large:0px;--awb-spacing-right-large:0;--awb-margin-bottom-large:20px;--awb-spacing-left-large:0;--awb-width-medium:100%;--awb-order-medium:0;--awb-spacing-right-medium:0;--awb-spacing-left-medium:0;--awb-width-small:100%;--awb-order-small:0;--awb-spacing-right-small:0;--awb-margin-bottom-small:0px;--awb-spacing-left-small:0;\"><div class=\"fusion-column-wrapper fusion-column-has-shadow fusion-flex-justify-content-flex-start fusion-content-layout-column\"><div class=\"fusion-separator fusion-full-width-sep\" style=\"align-self: center;margin-left: auto;margin-right: auto;margin-top:10px;margin-bottom:10px;width:100%;\"><\/div><\/div><\/div><div class=\"fusion-layout-column fusion_builder_column fusion-builder-column-3 fusion_builder_column_1_3 1_3 fusion-flex-column\" style=\"--awb-bg-color:var(--awb-color1);--awb-bg-color-hover:var(--awb-color1);--awb-bg-position:center top;--awb-bg-size:cover;--awb-filter:saturate(100%);--awb-filter-transition:filter 0.3s ease;--awb-filter-hover:saturate(120%);--awb-width-large:33.333333333333%;--awb-margin-top-large:0px;--awb-spacing-right-large:0;--awb-margin-bottom-large:0px;--awb-spacing-left-large:0;--awb-width-medium:33.333333333333%;--awb-order-medium:0;--awb-spacing-right-medium:0;--awb-spacing-left-medium:0;--awb-width-small:100%;--awb-order-small:0;--awb-spacing-right-small:0;--awb-margin-bottom-small:20px;--awb-spacing-left-small:0;\"><div class=\"fusion-column-wrapper fusion-column-has-shadow fusion-flex-justify-content-center fusion-content-layout-column\"><div class=\"fusion-image-element \" style=\"--awb-caption-title-font-family:var(--h2_typography-font-family);--awb-caption-title-font-weight:var(--h2_typography-font-weight);--awb-caption-title-font-style:var(--h2_typography-font-style);--awb-caption-title-size:var(--h2_typography-font-size);--awb-caption-title-transform:var(--h2_typography-text-transform);--awb-caption-title-line-height:var(--h2_typography-line-height);--awb-caption-title-letter-spacing:var(--h2_typography-letter-spacing);--awb-filter:brightness(100%);--awb-filter-transition:filter 0.3s ease;--awb-filter-hover:brightness(80%);\"><span class=\" fusion-imageframe imageframe-none imageframe-3 hover-type-none\"><a class=\"fusion-no-lightbox\" href=\"https:\/\/www.monteparra.com\/tienda\/categoria-producto\/embutidos\/\" target=\"_self\" aria-label=\"Embutidos\"><img decoding=\"async\" width=\"1257\" height=\"1304\" alt=\"Embutidos\" src=\"https:\/\/www.monteparra.com\/tienda\/wp-content\/uploads\/2022\/10\/ibericos-jamones-embutidos-guijuelo-salamanca-monteparra-CAT-embutidos.webp\" data-orig-src=\"https:\/\/www.monteparra.com\/tienda\/wp-content\/uploads\/2022\/10\/ibericos-jamones-embutidos-guijuelo-salamanca-monteparra-CAT-embutidos.webp\" class=\"lazyload img-responsive wp-image-3672\" srcset=\"data:image\/svg+xml,%3Csvg%20xmlns%3D%27http%3A%2F%2Fwww.w3.org%2F2000%2Fsvg%27%20width%3D%271257%27%20height%3D%271304%27%20viewBox%3D%270%200%201257%201304%27%3E%3Crect%20width%3D%271257%27%20height%3D%271304%27%20fill-opacity%3D%220%22%2F%3E%3C%2Fsvg%3E\" data-srcset=\"https:\/\/www.monteparra.com\/tienda\/wp-content\/uploads\/2022\/10\/ibericos-jamones-embutidos-guijuelo-salamanca-monteparra-CAT-embutidos-200x207.webp 200w, https:\/\/www.monteparra.com\/tienda\/wp-content\/uploads\/2022\/10\/ibericos-jamones-embutidos-guijuelo-salamanca-monteparra-CAT-embutidos-289x300.webp 289w, https:\/\/www.monteparra.com\/tienda\/wp-content\/uploads\/2022\/10\/ibericos-jamones-embutidos-guijuelo-salamanca-monteparra-CAT-embutidos-400x415.webp 400w, https:\/\/www.monteparra.com\/tienda\/wp-content\/uploads\/2022\/10\/ibericos-jamones-embutidos-guijuelo-salamanca-monteparra-CAT-embutidos-500x519.webp 500w, https:\/\/www.monteparra.com\/tienda\/wp-content\/uploads\/2022\/10\/ibericos-jamones-embutidos-guijuelo-salamanca-monteparra-CAT-embutidos-600x622.webp 600w, https:\/\/www.monteparra.com\/tienda\/wp-content\/uploads\/2022\/10\/ibericos-jamones-embutidos-guijuelo-salamanca-monteparra-CAT-embutidos-700x726.webp 700w, https:\/\/www.monteparra.com\/tienda\/wp-content\/uploads\/2022\/10\/ibericos-jamones-embutidos-guijuelo-salamanca-monteparra-CAT-embutidos-768x797.webp 768w, https:\/\/www.monteparra.com\/tienda\/wp-content\/uploads\/2022\/10\/ibericos-jamones-embutidos-guijuelo-salamanca-monteparra-CAT-embutidos-800x830.webp 800w, https:\/\/www.monteparra.com\/tienda\/wp-content\/uploads\/2022\/10\/ibericos-jamones-embutidos-guijuelo-salamanca-monteparra-CAT-embutidos-987x1024.webp 987w, https:\/\/www.monteparra.com\/tienda\/wp-content\/uploads\/2022\/10\/ibericos-jamones-embutidos-guijuelo-salamanca-monteparra-CAT-embutidos-1200x1245.webp 1200w, https:\/\/www.monteparra.com\/tienda\/wp-content\/uploads\/2022\/10\/ibericos-jamones-embutidos-guijuelo-salamanca-monteparra-CAT-embutidos.webp 1257w\" data-sizes=\"auto\" data-orig-sizes=\"(max-width: 640px) 100vw, 600px\" \/><\/a><\/span><\/div><\/div><\/div><div class=\"fusion-layout-column fusion_builder_column fusion-builder-column-4 fusion_builder_column_1_3 1_3 fusion-flex-column\" style=\"--awb-bg-color:var(--awb-color1);--awb-bg-color-hover:var(--awb-color1);--awb-bg-position:center top;--awb-bg-size:cover;--awb-filter:saturate(100%);--awb-filter-transition:filter 0.3s ease;--awb-filter-hover:saturate(120%);--awb-width-large:33.333333333333%;--awb-margin-top-large:0px;--awb-spacing-right-large:0;--awb-margin-bottom-large:0px;--awb-spacing-left-large:0;--awb-width-medium:33.333333333333%;--awb-order-medium:0;--awb-spacing-right-medium:0;--awb-spacing-left-medium:0;--awb-width-small:100%;--awb-order-small:0;--awb-spacing-right-small:0;--awb-margin-bottom-small:20px;--awb-spacing-left-small:0;\"><div class=\"fusion-column-wrapper fusion-column-has-shadow fusion-flex-justify-content-center fusion-content-layout-column\"><div class=\"fusion-image-element \" style=\"--awb-caption-title-font-family:var(--h2_typography-font-family);--awb-caption-title-font-weight:var(--h2_typography-font-weight);--awb-caption-title-font-style:var(--h2_typography-font-style);--awb-caption-title-size:var(--h2_typography-font-size);--awb-caption-title-transform:var(--h2_typography-text-transform);--awb-caption-title-line-height:var(--h2_typography-line-height);--awb-caption-title-letter-spacing:var(--h2_typography-letter-spacing);--awb-filter:brightness(100%);--awb-filter-transition:filter 0.3s ease;--awb-filter-hover:brightness(80%);\"><span class=\" fusion-imageframe imageframe-none imageframe-4 hover-type-none\"><a class=\"fusion-no-lightbox\" href=\"https:\/\/www.monteparra.com\/tienda\/categoria-producto\/accesorios\/\" target=\"_self\" aria-label=\"Accesorios\"><img decoding=\"async\" width=\"1257\" height=\"1304\" alt=\"Accesorios\" src=\"https:\/\/www.monteparra.com\/tienda\/wp-content\/uploads\/2022\/10\/ibericos-jamones-embutidos-guijuelo-salamanca-monteparra-CAT-accesorios.webp\" data-orig-src=\"https:\/\/www.monteparra.com\/tienda\/wp-content\/uploads\/2022\/10\/ibericos-jamones-embutidos-guijuelo-salamanca-monteparra-CAT-accesorios.webp\" class=\"lazyload img-responsive wp-image-3671\" srcset=\"data:image\/svg+xml,%3Csvg%20xmlns%3D%27http%3A%2F%2Fwww.w3.org%2F2000%2Fsvg%27%20width%3D%271257%27%20height%3D%271304%27%20viewBox%3D%270%200%201257%201304%27%3E%3Crect%20width%3D%271257%27%20height%3D%271304%27%20fill-opacity%3D%220%22%2F%3E%3C%2Fsvg%3E\" data-srcset=\"https:\/\/www.monteparra.com\/tienda\/wp-content\/uploads\/2022\/10\/ibericos-jamones-embutidos-guijuelo-salamanca-monteparra-CAT-accesorios-200x207.webp 200w, https:\/\/www.monteparra.com\/tienda\/wp-content\/uploads\/2022\/10\/ibericos-jamones-embutidos-guijuelo-salamanca-monteparra-CAT-accesorios-289x300.webp 289w, https:\/\/www.monteparra.com\/tienda\/wp-content\/uploads\/2022\/10\/ibericos-jamones-embutidos-guijuelo-salamanca-monteparra-CAT-accesorios-400x415.webp 400w, https:\/\/www.monteparra.com\/tienda\/wp-content\/uploads\/2022\/10\/ibericos-jamones-embutidos-guijuelo-salamanca-monteparra-CAT-accesorios-500x519.webp 500w, https:\/\/www.monteparra.com\/tienda\/wp-content\/uploads\/2022\/10\/ibericos-jamones-embutidos-guijuelo-salamanca-monteparra-CAT-accesorios-600x622.webp 600w, https:\/\/www.monteparra.com\/tienda\/wp-content\/uploads\/2022\/10\/ibericos-jamones-embutidos-guijuelo-salamanca-monteparra-CAT-accesorios-700x726.webp 700w, https:\/\/www.monteparra.com\/tienda\/wp-content\/uploads\/2022\/10\/ibericos-jamones-embutidos-guijuelo-salamanca-monteparra-CAT-accesorios-768x797.webp 768w, https:\/\/www.monteparra.com\/tienda\/wp-content\/uploads\/2022\/10\/ibericos-jamones-embutidos-guijuelo-salamanca-monteparra-CAT-accesorios-800x830.webp 800w, https:\/\/www.monteparra.com\/tienda\/wp-content\/uploads\/2022\/10\/ibericos-jamones-embutidos-guijuelo-salamanca-monteparra-CAT-accesorios-987x1024.webp 987w, https:\/\/www.monteparra.com\/tienda\/wp-content\/uploads\/2022\/10\/ibericos-jamones-embutidos-guijuelo-salamanca-monteparra-CAT-accesorios-1200x1245.webp 1200w, https:\/\/www.monteparra.com\/tienda\/wp-content\/uploads\/2022\/10\/ibericos-jamones-embutidos-guijuelo-salamanca-monteparra-CAT-accesorios.webp 1257w\" data-sizes=\"auto\" data-orig-sizes=\"(max-width: 640px) 100vw, 600px\" \/><\/a><\/span><\/div><\/div><\/div><div class=\"fusion-layout-column fusion_builder_column fusion-builder-column-5 fusion_builder_column_1_3 1_3 fusion-flex-column\" style=\"--awb-bg-color:var(--awb-color1);--awb-bg-color-hover:var(--awb-color1);--awb-bg-position:center top;--awb-bg-size:cover;--awb-filter:saturate(100%);--awb-filter-transition:filter 0.3s ease;--awb-filter-hover:saturate(120%);--awb-width-large:33.333333333333%;--awb-margin-top-large:0px;--awb-spacing-right-large:0;--awb-margin-bottom-large:0px;--awb-spacing-left-large:0;--awb-width-medium:33.333333333333%;--awb-order-medium:0;--awb-spacing-right-medium:0;--awb-spacing-left-medium:0;--awb-width-small:100%;--awb-order-small:0;--awb-spacing-right-small:0;--awb-spacing-left-small:0;\"><div class=\"fusion-column-wrapper fusion-column-has-shadow fusion-flex-justify-content-center fusion-content-layout-column\"><div class=\"fusion-image-element \" style=\"--awb-caption-title-font-family:var(--h2_typography-font-family);--awb-caption-title-font-weight:var(--h2_typography-font-weight);--awb-caption-title-font-style:var(--h2_typography-font-style);--awb-caption-title-size:var(--h2_typography-font-size);--awb-caption-title-transform:var(--h2_typography-text-transform);--awb-caption-title-line-height:var(--h2_typography-line-height);--awb-caption-title-letter-spacing:var(--h2_typography-letter-spacing);--awb-filter:brightness(100%);--awb-filter-transition:filter 0.3s ease;--awb-filter-hover:brightness(80%);\"><span class=\" fusion-imageframe imageframe-none imageframe-5 hover-type-none\"><a class=\"fusion-no-lightbox\" href=\"https:\/\/www.monteparra.com\/tienda\/categoria-producto\/packs\/\" target=\"_self\" aria-label=\"Packs\"><img decoding=\"async\" width=\"1257\" height=\"1304\" alt=\"Packs\" src=\"https:\/\/www.monteparra.com\/tienda\/wp-content\/uploads\/2022\/10\/ibericos-jamones-embutidos-guijuelo-salamanca-monteparra-CAT-packs.webp\" data-orig-src=\"https:\/\/www.monteparra.com\/tienda\/wp-content\/uploads\/2022\/10\/ibericos-jamones-embutidos-guijuelo-salamanca-monteparra-CAT-packs.webp\" class=\"lazyload img-responsive wp-image-3675\" srcset=\"data:image\/svg+xml,%3Csvg%20xmlns%3D%27http%3A%2F%2Fwww.w3.org%2F2000%2Fsvg%27%20width%3D%271257%27%20height%3D%271304%27%20viewBox%3D%270%200%201257%201304%27%3E%3Crect%20width%3D%271257%27%20height%3D%271304%27%20fill-opacity%3D%220%22%2F%3E%3C%2Fsvg%3E\" data-srcset=\"https:\/\/www.monteparra.com\/tienda\/wp-content\/uploads\/2022\/10\/ibericos-jamones-embutidos-guijuelo-salamanca-monteparra-CAT-packs-200x207.webp 200w, https:\/\/www.monteparra.com\/tienda\/wp-content\/uploads\/2022\/10\/ibericos-jamones-embutidos-guijuelo-salamanca-monteparra-CAT-packs-289x300.webp 289w, https:\/\/www.monteparra.com\/tienda\/wp-content\/uploads\/2022\/10\/ibericos-jamones-embutidos-guijuelo-salamanca-monteparra-CAT-packs-400x415.webp 400w, https:\/\/www.monteparra.com\/tienda\/wp-content\/uploads\/2022\/10\/ibericos-jamones-embutidos-guijuelo-salamanca-monteparra-CAT-packs-500x519.webp 500w, https:\/\/www.monteparra.com\/tienda\/wp-content\/uploads\/2022\/10\/ibericos-jamones-embutidos-guijuelo-salamanca-monteparra-CAT-packs-600x622.webp 600w, https:\/\/www.monteparra.com\/tienda\/wp-content\/uploads\/2022\/10\/ibericos-jamones-embutidos-guijuelo-salamanca-monteparra-CAT-packs-700x726.webp 700w, https:\/\/www.monteparra.com\/tienda\/wp-content\/uploads\/2022\/10\/ibericos-jamones-embutidos-guijuelo-salamanca-monteparra-CAT-packs-768x797.webp 768w, https:\/\/www.monteparra.com\/tienda\/wp-content\/uploads\/2022\/10\/ibericos-jamones-embutidos-guijuelo-salamanca-monteparra-CAT-packs-800x830.webp 800w, https:\/\/www.monteparra.com\/tienda\/wp-content\/uploads\/2022\/10\/ibericos-jamones-embutidos-guijuelo-salamanca-monteparra-CAT-packs-987x1024.webp 987w, https:\/\/www.monteparra.com\/tienda\/wp-content\/uploads\/2022\/10\/ibericos-jamones-embutidos-guijuelo-salamanca-monteparra-CAT-packs-1200x1245.webp 1200w, https:\/\/www.monteparra.com\/tienda\/wp-content\/uploads\/2022\/10\/ibericos-jamones-embutidos-guijuelo-salamanca-monteparra-CAT-packs.webp 1257w\" data-sizes=\"auto\" data-orig-sizes=\"(max-width: 640px) 100vw, 600px\" \/><\/a><\/span><\/div><\/div><\/div><\/div><\/div><div class=\"fusion-fullwidth fullwidth-box fusion-builder-row-2 fusion-flex-container has-pattern-background has-mask-background nonhundred-percent-fullwidth non-hundred-percent-height-scrolling\" style=\"--awb-border-radius-top-left:0px;--awb-border-radius-top-right:0px;--awb-border-radius-bottom-right:0px;--awb-border-radius-bottom-left:0px;--awb-margin-bottom:50px;--awb-margin-bottom-medium:65px;--awb-margin-bottom-small:65px;--awb-flex-wrap:wrap;\" ><div class=\"fusion-builder-row fusion-row fusion-flex-align-items-flex-start fusion-flex-justify-content-center fusion-flex-content-wrap\" style=\"max-width:1430px;margin-left: calc(-4% \/ 2 );margin-right: calc(-4% \/ 2 );\"><div class=\"fusion-layout-column fusion_builder_column fusion-builder-column-6 fusion_builder_column_1_1 1_1 fusion-flex-column\" style=\"--awb-bg-size:cover;--awb-width-large:100%;--awb-margin-top-large:20px;--awb-spacing-right-large:1.92%;--awb-margin-bottom-large:40px;--awb-spacing-left-large:1.92%;--awb-width-medium:100%;--awb-order-medium:0;--awb-spacing-right-medium:1.92%;--awb-spacing-left-medium:1.92%;--awb-width-small:100%;--awb-order-small:0;--awb-margin-top-small:0px;--awb-spacing-right-small:1.92%;--awb-margin-bottom-small:10px;--awb-spacing-left-small:1.92%;\"><div class=\"fusion-column-wrapper fusion-column-has-shadow fusion-flex-justify-content-flex-start fusion-content-layout-column\"><div class=\"fusion-title title fusion-title-1 fusion-title-center fusion-title-text fusion-title-size-two\" style=\"--awb-text-color:var(--awb-color7);--awb-sep-color:var(--awb-color8);--awb-font-size:23px;\"><div class=\"title-sep-container title-sep-container-left\"><div class=\"title-sep sep-single sep-solid\" style=\"border-color:var(--awb-color8);\"><\/div><\/div><span class=\"awb-title-spacer\"><\/span><h2 class=\"fusion-title-heading title-heading-center\" style=\"font-family:&quot;Open Sans&quot;;font-style:normal;font-weight:400;margin:0;font-size:1em;text-transform:none;\">PRODUCTOS DESTACADOS<\/h2><span class=\"awb-title-spacer\"><\/span><div class=\"title-sep-container title-sep-container-right\"><div class=\"title-sep sep-single sep-solid\" style=\"border-color:var(--awb-color8);\"><\/div><\/div><\/div><\/div><\/div><div class=\"fusion-layout-column fusion_builder_column fusion-builder-column-7 fusion_builder_column_1_1 1_1 fusion-flex-column\" style=\"--awb-bg-size:cover;--awb-width-large:100%;--awb-margin-top-large:0px;--awb-spacing-right-large:1.92%;--awb-margin-bottom-large:0px;--awb-spacing-left-large:1.92%;--awb-width-medium:100%;--awb-order-medium:0;--awb-spacing-right-medium:1.92%;--awb-spacing-left-medium:1.92%;--awb-width-small:100%;--awb-order-small:0;--awb-spacing-right-small:1.92%;--awb-spacing-left-small:1.92%;\"><div class=\"fusion-column-wrapper fusion-column-has-shadow fusion-flex-justify-content-flex-start fusion-content-layout-column\"><div class=\"fusion-post-cards fusion-post-cards-1 fusion-grid-archive fusion-grid-columns-4\" style=\"--awb-dots-align:center;--awb-active-filter-border-size:3px;--awb-filters-height:36px;--awb-row-spacing:60px;--awb-columns-medium:33.3333%;--awb-columns-small:100%;\"><ul class=\"fusion-grid fusion-grid-4 fusion-flex-align-items-flex-start fusion-grid-posts-cards\"><li class=\"fusion-layout-column fusion_builder_column fusion-builder-column-8 fusion-flex-column post-card fusion-grid-column fusion-post-cards-grid-column\" style=\"--awb-bg-blend:overlay;--awb-bg-size:cover;\"><div class=\"fusion-column-wrapper fusion-flex-justify-content-flex-start fusion-content-layout-column\"><div class=\"fusion-classic-product-image-wrapper fusion-woo-product-image fusion-post-card-image fusion-post-card-image-1 images\" data-layout=\"rollover\" style=\"--awb-margin-bottom:15px;\"><div  class=\"woocommerce-product-gallery__image fusion-image-wrapper\" aria-haspopup=\"true\">\n\t\t\t\t<div class=\"fusion-woo-badges-wrapper\">\n<\/div><img decoding=\"async\" width=\"1000\" height=\"1120\" src=\"https:\/\/www.monteparra.com\/tienda\/wp-content\/uploads\/2023\/01\/Maletin-embutidos-Monte.jpg\" class=\"attachment-full size-full lazyload wp-post-image\" alt=\"\" srcset=\"data:image\/svg+xml,%3Csvg%20xmlns%3D%27http%3A%2F%2Fwww.w3.org%2F2000%2Fsvg%27%20width%3D%271000%27%20height%3D%271120%27%20viewBox%3D%270%200%201000%201120%27%3E%3Crect%20width%3D%271000%27%20height%3D%271120%27%20fill-opacity%3D%220%22%2F%3E%3C%2Fsvg%3E\" data-orig-src=\"https:\/\/www.monteparra.com\/tienda\/wp-content\/uploads\/2023\/01\/Maletin-embutidos-Monte.jpg\" data-srcset=\"https:\/\/www.monteparra.com\/tienda\/wp-content\/uploads\/2023\/01\/Maletin-embutidos-Monte-200x224.jpg 200w, https:\/\/www.monteparra.com\/tienda\/wp-content\/uploads\/2023\/01\/Maletin-embutidos-Monte-400x448.jpg 400w, https:\/\/www.monteparra.com\/tienda\/wp-content\/uploads\/2023\/01\/Maletin-embutidos-Monte-600x672.jpg 600w, https:\/\/www.monteparra.com\/tienda\/wp-content\/uploads\/2023\/01\/Maletin-embutidos-Monte-800x896.jpg 800w, https:\/\/www.monteparra.com\/tienda\/wp-content\/uploads\/2023\/01\/Maletin-embutidos-Monte.jpg 1000w\" data-sizes=\"auto\" data-caption=\"\" data-src=\"https:\/\/www.monteparra.com\/tienda\/wp-content\/uploads\/2023\/01\/Maletin-embutidos-Monte.jpg\" data-large_image=\"https:\/\/www.monteparra.com\/tienda\/wp-content\/uploads\/2023\/01\/Maletin-embutidos-Monte.jpg\" data-large_image_width=\"1000\" data-large_image_height=\"1120\" \/><div class=\"fusion-rollover\">\n\t<div class=\"fusion-rollover-content\">\n\n\t\t\t\t\n\t\t\n\t\t\t\t\t\t\t\t\t\t\t\t<h4 class=\"fusion-rollover-title\">\n\t\t\t\t\t<a class=\"fusion-rollover-title-link\" href=\"https:\/\/www.monteparra.com\/tienda\/producto\/maletin-embutidos-monte\/\">\n\t\t\t\t\t\tMalet\u00edn Embutidos \u00abMonte\u00bb\t\t\t\t\t<\/a>\n\t\t\t\t<\/h4>\n\t\t\t\n\t\t\t\t\t\t\t\t\n\t\t\n\t\t\t\t\t\t\t\t\t\t\t\t\t\t\t\n\t\t\t\t\t\t\n\t\t\t\t\t\t\t\t\t\t\t\t<a class=\"fusion-link-wrapper\" href=\"https:\/\/www.monteparra.com\/tienda\/producto\/maletin-embutidos-monte\/\" aria-label=\"Malet\u00edn Embutidos \u00abMonte\u00bb\"><\/a>\n\t<\/div>\n<\/div>\n<\/div>\n<\/div><div class=\"fusion-title title fusion-title-2 fusion-sep-none fusion-title-center fusion-title-text fusion-title-size-two\" style=\"--awb-margin-bottom:7px;--awb-font-size:var(--awb-typography5-font-size);\"><h2 class=\"fusion-title-heading title-heading-center\" style=\"font-family:var(--awb-typography5-font-family);font-weight:var(--awb-typography5-font-weight);font-style:var(--awb-typography5-font-style);margin:0;font-size:1em;letter-spacing:var(--awb-typography5-letter-spacing);text-transform:var(--awb-typography5-text-transform);line-height:var(--awb-typography5-line-height);\">Malet\u00edn Embutidos \u00abMonte\u00bb<\/h2><\/div><div class=\"fusion-woo-price-tb fusion-woo-price-tb-1 sale-position-right has-border floated has-badge badge-position-right\" style=\"--awb-price-font-size:17px;--awb-sale-font-size:14px;--awb-badge-font-size:11px;--awb-badge-border-size:3px;--awb-price-color:var(--awb-color8);--awb-badge-text-color:var(--awb-color1);--awb-badge-bg-color:var(--awb-color5);--awb-badge-border-color:var(--awb-color5);--awb-alignment:center;--awb-border-radius:2px 2px 2px 2px;--awb-price-font-family:inherit;--awb-price-font-style:normal;--awb-price-font-weight:400;--awb-sale-font-family:inherit;--awb-sale-font-style:normal;--awb-sale-font-weight:400;--awb-stock-font-family:inherit;--awb-stock-font-style:normal;--awb-stock-font-weight:400;--awb-badge-font-family:inherit;--awb-badge-font-style:normal;--awb-badge-font-weight:400;\"><p class=\"price\"><span class=\"woocommerce-Price-amount amount\"><bdi>140,00<span class=\"woocommerce-Price-currencySymbol\">&euro;<\/span><\/bdi><\/span><\/p>\n<\/div><div class=\"fusion-separator fusion-full-width-sep\" style=\"align-self: center;margin-left: auto;margin-right: auto;flex-grow:1;width:100%;\"><\/div><div class=\"fusion-woo-cart fusion-post-card-cart awb-variation-layout-stacked awb-variation-clear-absolute awb-label-yes awb-add-to-cart-style-button awb-product-style-button\" style=\"--awb-margin-top:30px;--awb-flex-direction:column;--awb-align-items:center;--awb-button-align-items:center;--awb-button-justify-content:center;\">\t\t\t\t\t\t\t\t\t\t\t\t\t\t<div class=\"fusion-post-card-cart-button-wrapper\">\r\n\t\t\t\t\t\t\t\t\r\n\t\t\t\t\t\t\t\t\t\r\n\t\t\t\t<a href=\"https:\/\/www.monteparra.com\/tienda\/producto\/maletin-embutidos-monte\/\" class=\"fusion-post-card-cart-product-link show_details_button fusion-button-default-size button-default\">\r\n\t\t\t\t\t\t\t\t\t\tDetalles\t\t\t\t\t\t\t\t\t<\/a>\r\n\r\n\t\t\t\t\t\t\t\t\r\n\t\t\t\t\t\t\t\t\t<\/div>\r\n\t\t\t\t\t<\/div><\/div><\/li>\n<li class=\"fusion-layout-column fusion_builder_column fusion-builder-column-9 fusion-flex-column post-card fusion-grid-column fusion-post-cards-grid-column\" style=\"--awb-bg-blend:overlay;--awb-bg-size:cover;\"><div class=\"fusion-column-wrapper fusion-flex-justify-content-flex-start fusion-content-layout-column\"><div class=\"fusion-classic-product-image-wrapper fusion-woo-product-image fusion-post-card-image fusion-post-card-image-1 images\" data-layout=\"rollover\" style=\"--awb-margin-bottom:15px;\"><div  class=\"woocommerce-product-gallery__image fusion-image-wrapper\" aria-haspopup=\"true\">\n\t\t\t\t<div class=\"fusion-woo-badges-wrapper\">\n<\/div><img decoding=\"async\" width=\"1000\" height=\"1120\" src=\"https:\/\/www.monteparra.com\/tienda\/wp-content\/uploads\/2022\/10\/monteparra-jamones-embutidos-lote-monte.webp\" class=\"attachment-full size-full lazyload wp-post-image\" alt=\"\" srcset=\"data:image\/svg+xml,%3Csvg%20xmlns%3D%27http%3A%2F%2Fwww.w3.org%2F2000%2Fsvg%27%20width%3D%271000%27%20height%3D%271120%27%20viewBox%3D%270%200%201000%201120%27%3E%3Crect%20width%3D%271000%27%20height%3D%271120%27%20fill-opacity%3D%220%22%2F%3E%3C%2Fsvg%3E\" data-orig-src=\"https:\/\/www.monteparra.com\/tienda\/wp-content\/uploads\/2022\/10\/monteparra-jamones-embutidos-lote-monte.webp\" data-srcset=\"https:\/\/www.monteparra.com\/tienda\/wp-content\/uploads\/2022\/10\/monteparra-jamones-embutidos-lote-monte-200x224.webp 200w, https:\/\/www.monteparra.com\/tienda\/wp-content\/uploads\/2022\/10\/monteparra-jamones-embutidos-lote-monte-268x300.webp 268w, https:\/\/www.monteparra.com\/tienda\/wp-content\/uploads\/2022\/10\/monteparra-jamones-embutidos-lote-monte-400x448.webp 400w, https:\/\/www.monteparra.com\/tienda\/wp-content\/uploads\/2022\/10\/monteparra-jamones-embutidos-lote-monte-500x560.webp 500w, https:\/\/www.monteparra.com\/tienda\/wp-content\/uploads\/2022\/10\/monteparra-jamones-embutidos-lote-monte-600x672.webp 600w, https:\/\/www.monteparra.com\/tienda\/wp-content\/uploads\/2022\/10\/monteparra-jamones-embutidos-lote-monte-700x784.webp 700w, https:\/\/www.monteparra.com\/tienda\/wp-content\/uploads\/2022\/10\/monteparra-jamones-embutidos-lote-monte-768x860.webp 768w, https:\/\/www.monteparra.com\/tienda\/wp-content\/uploads\/2022\/10\/monteparra-jamones-embutidos-lote-monte-800x896.webp 800w, https:\/\/www.monteparra.com\/tienda\/wp-content\/uploads\/2022\/10\/monteparra-jamones-embutidos-lote-monte-914x1024.webp 914w, https:\/\/www.monteparra.com\/tienda\/wp-content\/uploads\/2022\/10\/monteparra-jamones-embutidos-lote-monte.webp 1000w\" data-sizes=\"auto\" data-caption=\"\" data-src=\"https:\/\/www.monteparra.com\/tienda\/wp-content\/uploads\/2022\/10\/monteparra-jamones-embutidos-lote-monte.webp\" data-large_image=\"https:\/\/www.monteparra.com\/tienda\/wp-content\/uploads\/2022\/10\/monteparra-jamones-embutidos-lote-monte.webp\" data-large_image_width=\"1000\" data-large_image_height=\"1120\" \/><div class=\"fusion-rollover\">\n\t<div class=\"fusion-rollover-content\">\n\n\t\t\t\t\n\t\t\n\t\t\t\t\t\t\t\t\t\t\t\t<h4 class=\"fusion-rollover-title\">\n\t\t\t\t\t<a class=\"fusion-rollover-title-link\" href=\"https:\/\/www.monteparra.com\/tienda\/producto\/pack-monte\/\">\n\t\t\t\t\t\tPack \u00abMonte\u00bb\t\t\t\t\t<\/a>\n\t\t\t\t<\/h4>\n\t\t\t\n\t\t\t\t\t\t\t\t\n\t\t\n\t\t\t\t\t\t\t\t\t\t\t\t\t\t\t\n\t\t\t\t\t\t\n\t\t\t\t\t\t\t\t\t\t\t\t<a class=\"fusion-link-wrapper\" href=\"https:\/\/www.monteparra.com\/tienda\/producto\/pack-monte\/\" aria-label=\"Pack \u00abMonte\u00bb\"><\/a>\n\t<\/div>\n<\/div>\n<\/div>\n<\/div><div class=\"fusion-title title fusion-title-3 fusion-sep-none fusion-title-center fusion-title-text fusion-title-size-two\" style=\"--awb-margin-bottom:7px;--awb-font-size:var(--awb-typography5-font-size);\"><h2 class=\"fusion-title-heading title-heading-center\" style=\"font-family:var(--awb-typography5-font-family);font-weight:var(--awb-typography5-font-weight);font-style:var(--awb-typography5-font-style);margin:0;font-size:1em;letter-spacing:var(--awb-typography5-letter-spacing);text-transform:var(--awb-typography5-text-transform);line-height:var(--awb-typography5-line-height);\">Pack \u00abMonte\u00bb<\/h2><\/div><div class=\"fusion-woo-price-tb fusion-woo-price-tb-2 sale-position-right has-border floated has-badge badge-position-right\" style=\"--awb-price-font-size:17px;--awb-sale-font-size:14px;--awb-badge-font-size:11px;--awb-badge-border-size:3px;--awb-price-color:var(--awb-color8);--awb-badge-text-color:var(--awb-color1);--awb-badge-bg-color:var(--awb-color5);--awb-badge-border-color:var(--awb-color5);--awb-alignment:center;--awb-border-radius:2px 2px 2px 2px;--awb-price-font-family:inherit;--awb-price-font-style:normal;--awb-price-font-weight:400;--awb-sale-font-family:inherit;--awb-sale-font-style:normal;--awb-sale-font-weight:400;--awb-stock-font-family:inherit;--awb-stock-font-style:normal;--awb-stock-font-weight:400;--awb-badge-font-family:inherit;--awb-badge-font-style:normal;--awb-badge-font-weight:400;\"><p class=\"price\"><span class=\"woocommerce-Price-amount amount\"><bdi>450,00<span class=\"woocommerce-Price-currencySymbol\">&euro;<\/span><\/bdi><\/span><\/p>\n<\/div><div class=\"fusion-separator fusion-full-width-sep\" style=\"align-self: center;margin-left: auto;margin-right: auto;flex-grow:1;width:100%;\"><\/div><div class=\"fusion-woo-cart fusion-post-card-cart awb-variation-layout-stacked awb-variation-clear-absolute awb-label-yes awb-add-to-cart-style-button awb-product-style-button\" style=\"--awb-margin-top:30px;--awb-flex-direction:column;--awb-align-items:center;--awb-button-align-items:center;--awb-button-justify-content:center;\">\t\t\t\t\t\t\t\t\t\t\t\t\t\t<div class=\"fusion-post-card-cart-button-wrapper\">\r\n\t\t\t\t\t\t\t\t\r\n\t\t\t\t\t\t\t\t\t\r\n\t\t\t\t<a href=\"https:\/\/www.monteparra.com\/tienda\/producto\/pack-monte\/\" class=\"fusion-post-card-cart-product-link show_details_button fusion-button-default-size button-default\">\r\n\t\t\t\t\t\t\t\t\t\tDetalles\t\t\t\t\t\t\t\t\t<\/a>\r\n\r\n\t\t\t\t\t\t\t\t\r\n\t\t\t\t\t\t\t\t\t<\/div>\r\n\t\t\t\t\t<\/div><\/div><\/li>\n<li class=\"fusion-layout-column fusion_builder_column fusion-builder-column-10 fusion-flex-column post-card fusion-grid-column fusion-post-cards-grid-column\" style=\"--awb-bg-blend:overlay;--awb-bg-size:cover;\"><div class=\"fusion-column-wrapper fusion-flex-justify-content-flex-start fusion-content-layout-column\"><div class=\"fusion-classic-product-image-wrapper fusion-woo-product-image fusion-post-card-image fusion-post-card-image-1 images\" data-layout=\"rollover\" style=\"--awb-margin-bottom:15px;\"><div  class=\"woocommerce-product-gallery__image fusion-image-wrapper\" aria-haspopup=\"true\">\n\t\t\t\t<div class=\"fusion-woo-badges-wrapper\">\n<\/div><img decoding=\"async\" width=\"1000\" height=\"1120\" src=\"https:\/\/www.monteparra.com\/tienda\/wp-content\/uploads\/2022\/10\/monteparra-jamones-embutidos-guijuelo-jamon-cebo-campo.jpg\" class=\"attachment-full size-full lazyload wp-post-image\" alt=\"\" srcset=\"data:image\/svg+xml,%3Csvg%20xmlns%3D%27http%3A%2F%2Fwww.w3.org%2F2000%2Fsvg%27%20width%3D%271000%27%20height%3D%271120%27%20viewBox%3D%270%200%201000%201120%27%3E%3Crect%20width%3D%271000%27%20height%3D%271120%27%20fill-opacity%3D%220%22%2F%3E%3C%2Fsvg%3E\" data-orig-src=\"https:\/\/www.monteparra.com\/tienda\/wp-content\/uploads\/2022\/10\/monteparra-jamones-embutidos-guijuelo-jamon-cebo-campo.jpg\" data-srcset=\"https:\/\/www.monteparra.com\/tienda\/wp-content\/uploads\/2022\/10\/monteparra-jamones-embutidos-guijuelo-jamon-cebo-campo-200x224.jpg 200w, https:\/\/www.monteparra.com\/tienda\/wp-content\/uploads\/2022\/10\/monteparra-jamones-embutidos-guijuelo-jamon-cebo-campo-400x448.jpg 400w, https:\/\/www.monteparra.com\/tienda\/wp-content\/uploads\/2022\/10\/monteparra-jamones-embutidos-guijuelo-jamon-cebo-campo-600x672.jpg 600w, https:\/\/www.monteparra.com\/tienda\/wp-content\/uploads\/2022\/10\/monteparra-jamones-embutidos-guijuelo-jamon-cebo-campo-800x896.jpg 800w, https:\/\/www.monteparra.com\/tienda\/wp-content\/uploads\/2022\/10\/monteparra-jamones-embutidos-guijuelo-jamon-cebo-campo.jpg 1000w\" data-sizes=\"auto\" data-caption=\"\" data-src=\"https:\/\/www.monteparra.com\/tienda\/wp-content\/uploads\/2022\/10\/monteparra-jamones-embutidos-guijuelo-jamon-cebo-campo.jpg\" data-large_image=\"https:\/\/www.monteparra.com\/tienda\/wp-content\/uploads\/2022\/10\/monteparra-jamones-embutidos-guijuelo-jamon-cebo-campo.jpg\" data-large_image_width=\"1000\" data-large_image_height=\"1120\" \/><div class=\"fusion-rollover\">\n\t<div class=\"fusion-rollover-content\">\n\n\t\t\t\t\n\t\t\n\t\t\t\t\t\t\t\t\t\t\t\t<h4 class=\"fusion-rollover-title\">\n\t\t\t\t\t<a class=\"fusion-rollover-title-link\" href=\"https:\/\/www.monteparra.com\/tienda\/producto\/jamon-de-cebo-de-campo-iberico-50-raza-iberica\/\">\n\t\t\t\t\t\tJam\u00f3n de Cebo de Campo Ib\u00e9rico &#8211; 50% Raza Ib\u00e9rica\t\t\t\t\t<\/a>\n\t\t\t\t<\/h4>\n\t\t\t\n\t\t\t\t\t\t\t\t\n\t\t\n\t\t\t\t\t\t\t\t\t\t\t\t\t\t\t\n\t\t\t\t\t\t\n\t\t\t\t\t\t\t\t\t\t\t\t<a class=\"fusion-link-wrapper\" href=\"https:\/\/www.monteparra.com\/tienda\/producto\/jamon-de-cebo-de-campo-iberico-50-raza-iberica\/\" aria-label=\"Jam\u00f3n de Cebo de Campo Ib\u00e9rico &#8211; 50% Raza Ib\u00e9rica\"><\/a>\n\t<\/div>\n<\/div>\n<\/div>\n<\/div><div class=\"fusion-title title fusion-title-4 fusion-sep-none fusion-title-center fusion-title-text fusion-title-size-two\" style=\"--awb-margin-bottom:7px;--awb-font-size:var(--awb-typography5-font-size);\"><h2 class=\"fusion-title-heading title-heading-center\" style=\"font-family:var(--awb-typography5-font-family);font-weight:var(--awb-typography5-font-weight);font-style:var(--awb-typography5-font-style);margin:0;font-size:1em;letter-spacing:var(--awb-typography5-letter-spacing);text-transform:var(--awb-typography5-text-transform);line-height:var(--awb-typography5-line-height);\">Jam\u00f3n de Cebo de Campo Ib\u00e9rico &#8211; 50% Raza Ib\u00e9rica<\/h2><\/div><div class=\"fusion-woo-price-tb fusion-woo-price-tb-3 sale-position-right has-border floated has-badge badge-position-right\" style=\"--awb-price-font-size:17px;--awb-sale-font-size:14px;--awb-badge-font-size:11px;--awb-badge-border-size:3px;--awb-price-color:var(--awb-color8);--awb-badge-text-color:var(--awb-color1);--awb-badge-bg-color:var(--awb-color5);--awb-badge-border-color:var(--awb-color5);--awb-alignment:center;--awb-border-radius:2px 2px 2px 2px;--awb-price-font-family:inherit;--awb-price-font-style:normal;--awb-price-font-weight:400;--awb-sale-font-family:inherit;--awb-sale-font-style:normal;--awb-sale-font-weight:400;--awb-stock-font-family:inherit;--awb-stock-font-style:normal;--awb-stock-font-weight:400;--awb-badge-font-family:inherit;--awb-badge-font-style:normal;--awb-badge-font-weight:400;\"><p class=\"price\"><span style=\"font-size: 0.8em; color: #7a9934;\">Desde:<\/span> <span class=\"woocommerce-Price-amount amount\"><bdi>230,00<span class=\"woocommerce-Price-currencySymbol\">&euro;<\/span><\/bdi><\/span><\/p>\n<\/div><div class=\"fusion-separator fusion-full-width-sep\" style=\"align-self: center;margin-left: auto;margin-right: auto;flex-grow:1;width:100%;\"><\/div><div class=\"fusion-woo-cart fusion-post-card-cart awb-variation-layout-stacked awb-variation-clear-absolute awb-label-yes awb-add-to-cart-style-button awb-product-style-button\" style=\"--awb-margin-top:30px;--awb-flex-direction:column;--awb-align-items:center;--awb-button-align-items:center;--awb-button-justify-content:center;\">\t\t\t\t\t<div class=\"fusion-post-card-cart-button-wrapper\">\r\n\t\t\t\t\t\t\t\t\r\n\t\t\t\t\t\t\t\t\t\r\n\t\t\t\t<a href=\"https:\/\/www.monteparra.com\/tienda\/producto\/jamon-de-cebo-de-campo-iberico-50-raza-iberica\/\" class=\"fusion-post-card-cart-product-link show_details_button fusion-button-default-size button-default\">\r\n\t\t\t\t\t\t\t\t\t\tDetalles\t\t\t\t\t\t\t\t\t<\/a>\r\n\r\n\t\t\t\t\t\t\t\t\r\n\t\t\t\t\t\t\t\t\t<\/div>\r\n\t\t\t\t\t<\/div><\/div><\/li>\n<li class=\"fusion-layout-column fusion_builder_column fusion-builder-column-11 fusion-flex-column post-card fusion-grid-column fusion-post-cards-grid-column\" style=\"--awb-bg-blend:overlay;--awb-bg-size:cover;\"><div class=\"fusion-column-wrapper fusion-flex-justify-content-flex-start fusion-content-layout-column\"><div class=\"fusion-classic-product-image-wrapper fusion-woo-product-image fusion-post-card-image fusion-post-card-image-1 images\" data-layout=\"rollover\" style=\"--awb-margin-bottom:15px;\"><div  class=\"woocommerce-product-gallery__image fusion-image-wrapper\" aria-haspopup=\"true\">\n\t\t\t\t<div class=\"fusion-woo-badges-wrapper\">\n<\/div><img decoding=\"async\" width=\"1000\" height=\"1120\" src=\"https:\/\/www.monteparra.com\/tienda\/wp-content\/uploads\/2022\/10\/ibericos-jamones-embutidos-guijuelo-salamanca-monteparra-PALETA-BELLOTA-100.webp\" class=\"attachment-full size-full lazyload wp-post-image\" alt=\"\" srcset=\"data:image\/svg+xml,%3Csvg%20xmlns%3D%27http%3A%2F%2Fwww.w3.org%2F2000%2Fsvg%27%20width%3D%271000%27%20height%3D%271120%27%20viewBox%3D%270%200%201000%201120%27%3E%3Crect%20width%3D%271000%27%20height%3D%271120%27%20fill-opacity%3D%220%22%2F%3E%3C%2Fsvg%3E\" data-orig-src=\"https:\/\/www.monteparra.com\/tienda\/wp-content\/uploads\/2022\/10\/ibericos-jamones-embutidos-guijuelo-salamanca-monteparra-PALETA-BELLOTA-100.webp\" data-srcset=\"https:\/\/www.monteparra.com\/tienda\/wp-content\/uploads\/2022\/10\/ibericos-jamones-embutidos-guijuelo-salamanca-monteparra-PALETA-BELLOTA-100-200x224.webp 200w, https:\/\/www.monteparra.com\/tienda\/wp-content\/uploads\/2022\/10\/ibericos-jamones-embutidos-guijuelo-salamanca-monteparra-PALETA-BELLOTA-100-268x300.webp 268w, https:\/\/www.monteparra.com\/tienda\/wp-content\/uploads\/2022\/10\/ibericos-jamones-embutidos-guijuelo-salamanca-monteparra-PALETA-BELLOTA-100-400x448.webp 400w, https:\/\/www.monteparra.com\/tienda\/wp-content\/uploads\/2022\/10\/ibericos-jamones-embutidos-guijuelo-salamanca-monteparra-PALETA-BELLOTA-100-500x560.webp 500w, https:\/\/www.monteparra.com\/tienda\/wp-content\/uploads\/2022\/10\/ibericos-jamones-embutidos-guijuelo-salamanca-monteparra-PALETA-BELLOTA-100-600x672.webp 600w, https:\/\/www.monteparra.com\/tienda\/wp-content\/uploads\/2022\/10\/ibericos-jamones-embutidos-guijuelo-salamanca-monteparra-PALETA-BELLOTA-100-700x784.webp 700w, https:\/\/www.monteparra.com\/tienda\/wp-content\/uploads\/2022\/10\/ibericos-jamones-embutidos-guijuelo-salamanca-monteparra-PALETA-BELLOTA-100-768x860.webp 768w, https:\/\/www.monteparra.com\/tienda\/wp-content\/uploads\/2022\/10\/ibericos-jamones-embutidos-guijuelo-salamanca-monteparra-PALETA-BELLOTA-100-800x896.webp 800w, https:\/\/www.monteparra.com\/tienda\/wp-content\/uploads\/2022\/10\/ibericos-jamones-embutidos-guijuelo-salamanca-monteparra-PALETA-BELLOTA-100-914x1024.webp 914w, https:\/\/www.monteparra.com\/tienda\/wp-content\/uploads\/2022\/10\/ibericos-jamones-embutidos-guijuelo-salamanca-monteparra-PALETA-BELLOTA-100.webp 1000w\" data-sizes=\"auto\" data-caption=\"\" data-src=\"https:\/\/www.monteparra.com\/tienda\/wp-content\/uploads\/2022\/10\/ibericos-jamones-embutidos-guijuelo-salamanca-monteparra-PALETA-BELLOTA-100.webp\" data-large_image=\"https:\/\/www.monteparra.com\/tienda\/wp-content\/uploads\/2022\/10\/ibericos-jamones-embutidos-guijuelo-salamanca-monteparra-PALETA-BELLOTA-100.webp\" data-large_image_width=\"1000\" data-large_image_height=\"1120\" \/><div class=\"fusion-rollover\">\n\t<div class=\"fusion-rollover-content\">\n\n\t\t\t\t\n\t\t\n\t\t\t\t\t\t\t\t\t\t\t\t<h4 class=\"fusion-rollover-title\">\n\t\t\t\t\t<a class=\"fusion-rollover-title-link\" href=\"https:\/\/www.monteparra.com\/tienda\/producto\/paleta-de-bellota-100-iberica\/\">\n\t\t\t\t\t\tPaleta de Bellota 100% Ib\u00e9rica DOP Guijuelo\t\t\t\t\t<\/a>\n\t\t\t\t<\/h4>\n\t\t\t\n\t\t\t\t\t\t\t\t\n\t\t\n\t\t\t\t\t\t\t\t\t\t\t\t\t\t\t\n\t\t\t\t\t\t\n\t\t\t\t\t\t\t\t\t\t\t\t<a class=\"fusion-link-wrapper\" href=\"https:\/\/www.monteparra.com\/tienda\/producto\/paleta-de-bellota-100-iberica\/\" aria-label=\"Paleta de Bellota 100% Ib\u00e9rica DOP Guijuelo\"><\/a>\n\t<\/div>\n<\/div>\n<\/div>\n<\/div><div class=\"fusion-title title fusion-title-5 fusion-sep-none fusion-title-center fusion-title-text fusion-title-size-two\" style=\"--awb-margin-bottom:7px;--awb-font-size:var(--awb-typography5-font-size);\"><h2 class=\"fusion-title-heading title-heading-center\" style=\"font-family:var(--awb-typography5-font-family);font-weight:var(--awb-typography5-font-weight);font-style:var(--awb-typography5-font-style);margin:0;font-size:1em;letter-spacing:var(--awb-typography5-letter-spacing);text-transform:var(--awb-typography5-text-transform);line-height:var(--awb-typography5-line-height);\">Paleta de Bellota 100% Ib\u00e9rica DOP Guijuelo<\/h2><\/div><div class=\"fusion-woo-price-tb fusion-woo-price-tb-4 sale-position-right has-border floated has-badge badge-position-right\" style=\"--awb-price-font-size:17px;--awb-sale-font-size:14px;--awb-badge-font-size:11px;--awb-badge-border-size:3px;--awb-price-color:var(--awb-color8);--awb-badge-text-color:var(--awb-color1);--awb-badge-bg-color:var(--awb-color5);--awb-badge-border-color:var(--awb-color5);--awb-alignment:center;--awb-border-radius:2px 2px 2px 2px;--awb-price-font-family:inherit;--awb-price-font-style:normal;--awb-price-font-weight:400;--awb-sale-font-family:inherit;--awb-sale-font-style:normal;--awb-sale-font-weight:400;--awb-stock-font-family:inherit;--awb-stock-font-style:normal;--awb-stock-font-weight:400;--awb-badge-font-family:inherit;--awb-badge-font-style:normal;--awb-badge-font-weight:400;\"><p class=\"price\"><span style=\"font-size: 0.8em; color: #7a9934;\">Desde:<\/span> <span class=\"woocommerce-Price-amount amount\"><bdi>155,00<span class=\"woocommerce-Price-currencySymbol\">&euro;<\/span><\/bdi><\/span><\/p>\n<\/div><div class=\"fusion-separator fusion-full-width-sep\" style=\"align-self: center;margin-left: auto;margin-right: auto;flex-grow:1;width:100%;\"><\/div><div class=\"fusion-woo-cart fusion-post-card-cart awb-variation-layout-stacked awb-variation-clear-absolute awb-label-yes awb-add-to-cart-style-button awb-product-style-button\" style=\"--awb-margin-top:30px;--awb-flex-direction:column;--awb-align-items:center;--awb-button-align-items:center;--awb-button-justify-content:center;\">\t\t\t\t\t<div class=\"fusion-post-card-cart-button-wrapper\">\r\n\t\t\t\t\t\t\t\t\r\n\t\t\t\t\t\t\t\t\t\r\n\t\t\t\t<a href=\"https:\/\/www.monteparra.com\/tienda\/producto\/paleta-de-bellota-100-iberica\/\" class=\"fusion-post-card-cart-product-link show_details_button fusion-button-default-size button-default\">\r\n\t\t\t\t\t\t\t\t\t\tDetalles\t\t\t\t\t\t\t\t\t<\/a>\r\n\r\n\t\t\t\t\t\t\t\t\r\n\t\t\t\t\t\t\t\t\t<\/div>\r\n\t\t\t\t\t<\/div><\/div><\/li>\n<\/ul><\/div><\/div><\/div><\/div><\/div><div class=\"fusion-fullwidth fullwidth-box fusion-builder-row-3 fusion-flex-container has-pattern-background has-mask-background hundred-percent-fullwidth non-hundred-percent-height-scrolling fusion-animated\" style=\"--link_hover_color: var(--awb-color4);--link_color: var(--awb-color1);--awb-border-sizes-left:20px;--awb-border-sizes-right:20px;--awb-border-color:var(--awb-color1);--awb-border-radius-top-left:0px;--awb-border-radius-top-right:0px;--awb-border-radius-bottom-right:0px;--awb-border-radius-bottom-left:0px;--awb-padding-right:0px;--awb-padding-left:0px;--awb-margin-bottom:50px;--awb-margin-bottom-medium:65px;--awb-background-color:var(--awb-color1);--awb-flex-wrap:wrap;\" data-animationType=\"fadeIn\" data-animationDuration=\"0.8\" data-animationOffset=\"top-into-view\" ><div class=\"fusion-builder-row fusion-row fusion-flex-align-items-stretch fusion-flex-content-wrap\" style=\"width:calc( 100% + 0px ) !important;max-width:calc( 100% + 0px ) !important;margin-left: calc(-0px \/ 2 );margin-right: calc(-0px \/ 2 );\"><div class=\"fusion-layout-column fusion_builder_column fusion-builder-column-12 fusion_builder_column_1_1 1_1 fusion-flex-column\" style=\"--awb-bg-color:var(--awb-color1);--awb-bg-color-hover:var(--awb-color1);--awb-bg-position:center top;--awb-bg-size:cover;--awb-filter:saturate(100%);--awb-filter-transition:filter 0.3s ease;--awb-filter-hover:saturate(120%);--awb-width-large:100%;--awb-margin-top-large:0px;--awb-spacing-right-large:0;--awb-margin-bottom-large:0px;--awb-spacing-left-large:0;--awb-width-medium:100%;--awb-order-medium:0;--awb-spacing-right-medium:0;--awb-spacing-left-medium:0;--awb-width-small:100%;--awb-order-small:0;--awb-spacing-right-small:0;--awb-spacing-left-small:0;\"><div class=\"fusion-column-wrapper fusion-column-has-shadow fusion-flex-justify-content-center fusion-content-layout-column\"><div class=\"fusion-image-element \" style=\"--awb-caption-title-font-family:var(--h2_typography-font-family);--awb-caption-title-font-weight:var(--h2_typography-font-weight);--awb-caption-title-font-style:var(--h2_typography-font-style);--awb-caption-title-size:var(--h2_typography-font-size);--awb-caption-title-transform:var(--h2_typography-text-transform);--awb-caption-title-line-height:var(--h2_typography-line-height);--awb-caption-title-letter-spacing:var(--h2_typography-letter-spacing);\"><span class=\" fusion-imageframe imageframe-none imageframe-6 hover-type-none\"><img decoding=\"async\" width=\"2500\" height=\"530\" alt=\"Finca Montecillo\" title=\"Finca Montecillo\" src=\"https:\/\/www.monteparra.com\/tienda\/wp-content\/uploads\/2022\/10\/ibericos-jamones-embutidos-guijuelo-salamanca-monteparra-banner-finca.png\" data-orig-src=\"https:\/\/www.monteparra.com\/tienda\/wp-content\/uploads\/2022\/10\/ibericos-jamones-embutidos-guijuelo-salamanca-monteparra-banner-finca.png\" class=\"lazyload img-responsive wp-image-3679\" srcset=\"data:image\/svg+xml,%3Csvg%20xmlns%3D%27http%3A%2F%2Fwww.w3.org%2F2000%2Fsvg%27%20width%3D%272500%27%20height%3D%27530%27%20viewBox%3D%270%200%202500%20530%27%3E%3Crect%20width%3D%272500%27%20height%3D%27530%27%20fill-opacity%3D%220%22%2F%3E%3C%2Fsvg%3E\" data-srcset=\"https:\/\/www.monteparra.com\/tienda\/wp-content\/uploads\/2022\/10\/ibericos-jamones-embutidos-guijuelo-salamanca-monteparra-banner-finca-200x42.png 200w, https:\/\/www.monteparra.com\/tienda\/wp-content\/uploads\/2022\/10\/ibericos-jamones-embutidos-guijuelo-salamanca-monteparra-banner-finca-400x85.png 400w, https:\/\/www.monteparra.com\/tienda\/wp-content\/uploads\/2022\/10\/ibericos-jamones-embutidos-guijuelo-salamanca-monteparra-banner-finca-600x127.png 600w, https:\/\/www.monteparra.com\/tienda\/wp-content\/uploads\/2022\/10\/ibericos-jamones-embutidos-guijuelo-salamanca-monteparra-banner-finca-800x170.png 800w, https:\/\/www.monteparra.com\/tienda\/wp-content\/uploads\/2022\/10\/ibericos-jamones-embutidos-guijuelo-salamanca-monteparra-banner-finca-1200x254.png 1200w, https:\/\/www.monteparra.com\/tienda\/wp-content\/uploads\/2022\/10\/ibericos-jamones-embutidos-guijuelo-salamanca-monteparra-banner-finca.png 2500w\" data-sizes=\"auto\" data-orig-sizes=\"(max-width: 640px) 100vw, 2500px\" \/><\/span><\/div><\/div><\/div><\/div><\/div><div class=\"fusion-fullwidth fullwidth-box fusion-builder-row-4 fusion-flex-container has-pattern-background has-mask-background hundred-percent-fullwidth non-hundred-percent-height-scrolling fusion-animated\" style=\"--link_hover_color: var(--awb-color8);--link_color: var(--awb-color7);--awb-border-sizes-left:20px;--awb-border-sizes-right:20px;--awb-border-color:var(--awb-color1);--awb-border-radius-top-left:0px;--awb-border-radius-top-right:0px;--awb-border-radius-bottom-right:0px;--awb-border-radius-bottom-left:0px;--awb-padding-right:0px;--awb-padding-left:0px;--awb-margin-bottom:30px;--awb-background-color:var(--awb-color1);--awb-flex-wrap:wrap;\" data-animationType=\"fadeIn\" data-animationDuration=\"0.8\" data-animationOffset=\"top-into-view\" ><div class=\"fusion-builder-row fusion-row fusion-flex-align-items-flex-start fusion-flex-content-wrap\" style=\"width:calc( 100% + 0px ) !important;max-width:calc( 100% + 0px ) !important;margin-left: calc(-0px \/ 2 );margin-right: calc(-0px \/ 2 );\"><div class=\"fusion-layout-column fusion_builder_column fusion-builder-column-13 fusion_builder_column_1_6 1_6 fusion-flex-column fusion-no-small-visibility\" style=\"--awb-bg-color:var(--awb-color1);--awb-bg-color-hover:var(--awb-color1);--awb-bg-position:center top;--awb-bg-size:cover;--awb-filter:saturate(100%);--awb-filter-transition:filter 0.3s ease;--awb-filter-hover:saturate(120%);--awb-width-large:16.666666666667%;--awb-margin-top-large:0px;--awb-spacing-right-large:0;--awb-margin-bottom-large:0px;--awb-spacing-left-large:0;--awb-width-medium:16.666666666667%;--awb-order-medium:0;--awb-spacing-right-medium:0;--awb-spacing-left-medium:0;--awb-width-small:100%;--awb-order-small:0;--awb-spacing-right-small:0;--awb-spacing-left-small:0;\"><div class=\"fusion-column-wrapper fusion-column-has-shadow fusion-flex-justify-content-center fusion-content-layout-column\"><\/div><\/div><div class=\"fusion-layout-column fusion_builder_column fusion-builder-column-14 fusion_builder_column_1_6 1_6 fusion-flex-column\" style=\"--awb-padding-right:10px;--awb-padding-left:10px;--awb-bg-color:var(--awb-color1);--awb-bg-color-hover:var(--awb-color1);--awb-bg-position:center top;--awb-bg-size:cover;--awb-filter:saturate(100%);--awb-filter-transition:filter 0.3s ease;--awb-filter-hover:saturate(120%);--awb-width-large:16.666666666667%;--awb-margin-top-large:0px;--awb-spacing-right-large:0;--awb-margin-bottom-large:0px;--awb-spacing-left-large:0;--awb-width-medium:16.666666666667%;--awb-order-medium:0;--awb-spacing-right-medium:0;--awb-spacing-left-medium:0;--awb-width-small:100%;--awb-order-small:0;--awb-spacing-right-small:0;--awb-margin-bottom-small:20px;--awb-spacing-left-small:0;\"><div class=\"fusion-column-wrapper fusion-column-has-shadow fusion-flex-justify-content-center fusion-content-layout-column\"><div class=\"fusion-image-element \" style=\"--awb-margin-right:25px;--awb-margin-left:25px;--awb-margin-right-small:25%;--awb-margin-left-small:25%;--awb-caption-title-font-family:var(--h2_typography-font-family);--awb-caption-title-font-weight:var(--h2_typography-font-weight);--awb-caption-title-font-style:var(--h2_typography-font-style);--awb-caption-title-size:var(--h2_typography-font-size);--awb-caption-title-transform:var(--h2_typography-text-transform);--awb-caption-title-line-height:var(--h2_typography-line-height);--awb-caption-title-letter-spacing:var(--h2_typography-letter-spacing);\"><span class=\" fusion-imageframe imageframe-none imageframe-7 hover-type-none\"><img decoding=\"async\" width=\"500\" height=\"500\" title=\"ibericos-jamones-embutidos-guijuelo-salamanca-monteparra-logo-icon1\" src=\"https:\/\/www.monteparra.com\/tienda\/wp-content\/uploads\/2022\/10\/ibericos-jamones-embutidos-guijuelo-salamanca-monteparra-logo-icon1.webp\" data-orig-src=\"https:\/\/www.monteparra.com\/tienda\/wp-content\/uploads\/2022\/10\/ibericos-jamones-embutidos-guijuelo-salamanca-monteparra-logo-icon1.webp\" alt class=\"lazyload img-responsive wp-image-3680\" srcset=\"data:image\/svg+xml,%3Csvg%20xmlns%3D%27http%3A%2F%2Fwww.w3.org%2F2000%2Fsvg%27%20width%3D%27500%27%20height%3D%27500%27%20viewBox%3D%270%200%20500%20500%27%3E%3Crect%20width%3D%27500%27%20height%3D%27500%27%20fill-opacity%3D%220%22%2F%3E%3C%2Fsvg%3E\" data-srcset=\"https:\/\/www.monteparra.com\/tienda\/wp-content\/uploads\/2022\/10\/ibericos-jamones-embutidos-guijuelo-salamanca-monteparra-logo-icon1-66x66.webp 66w, https:\/\/www.monteparra.com\/tienda\/wp-content\/uploads\/2022\/10\/ibericos-jamones-embutidos-guijuelo-salamanca-monteparra-logo-icon1-150x150.webp 150w, https:\/\/www.monteparra.com\/tienda\/wp-content\/uploads\/2022\/10\/ibericos-jamones-embutidos-guijuelo-salamanca-monteparra-logo-icon1-200x200.webp 200w, https:\/\/www.monteparra.com\/tienda\/wp-content\/uploads\/2022\/10\/ibericos-jamones-embutidos-guijuelo-salamanca-monteparra-logo-icon1-300x300.webp 300w, https:\/\/www.monteparra.com\/tienda\/wp-content\/uploads\/2022\/10\/ibericos-jamones-embutidos-guijuelo-salamanca-monteparra-logo-icon1-400x400.webp 400w, https:\/\/www.monteparra.com\/tienda\/wp-content\/uploads\/2022\/10\/ibericos-jamones-embutidos-guijuelo-salamanca-monteparra-logo-icon1.webp 500w\" data-sizes=\"auto\" data-orig-sizes=\"(max-width: 640px) 100vw, 400px\" \/><\/span><\/div><div class=\"fusion-text fusion-text-1\" style=\"--awb-content-alignment:center;--awb-font-size:14px;\"><p>ENV\u00cdO en 3-4 d\u00edas h\u00e1biles. GRATUITO a partir de 120\u20ac en toda la PEN\u00cdNSULA<\/p>\n<\/div><\/div><\/div><div class=\"fusion-layout-column fusion_builder_column fusion-builder-column-15 fusion_builder_column_1_6 1_6 fusion-flex-column\" style=\"--awb-padding-right:10px;--awb-padding-left:10px;--awb-bg-color:var(--awb-color1);--awb-bg-color-hover:var(--awb-color1);--awb-bg-position:center top;--awb-bg-size:cover;--awb-filter:saturate(100%);--awb-filter-transition:filter 0.3s ease;--awb-filter-hover:saturate(120%);--awb-width-large:16.666666666667%;--awb-margin-top-large:0px;--awb-spacing-right-large:0;--awb-margin-bottom-large:0px;--awb-spacing-left-large:0;--awb-width-medium:16.666666666667%;--awb-order-medium:0;--awb-spacing-right-medium:0;--awb-spacing-left-medium:0;--awb-width-small:100%;--awb-order-small:0;--awb-spacing-right-small:0;--awb-margin-bottom-small:20px;--awb-spacing-left-small:0;\"><div class=\"fusion-column-wrapper fusion-column-has-shadow fusion-flex-justify-content-center fusion-content-layout-column\"><div class=\"fusion-image-element \" style=\"--awb-margin-right:25px;--awb-margin-left:25px;--awb-margin-right-small:25%;--awb-margin-left-small:25%;--awb-caption-title-font-family:var(--h2_typography-font-family);--awb-caption-title-font-weight:var(--h2_typography-font-weight);--awb-caption-title-font-style:var(--h2_typography-font-style);--awb-caption-title-size:var(--h2_typography-font-size);--awb-caption-title-transform:var(--h2_typography-text-transform);--awb-caption-title-line-height:var(--h2_typography-line-height);--awb-caption-title-letter-spacing:var(--h2_typography-letter-spacing);\"><span class=\" fusion-imageframe imageframe-none imageframe-8 hover-type-none\"><img decoding=\"async\" width=\"500\" height=\"500\" title=\"ibericos-jamones-embutidos-guijuelo-salamanca-monteparra-logo-icon2\" src=\"https:\/\/www.monteparra.com\/tienda\/wp-content\/uploads\/2022\/10\/ibericos-jamones-embutidos-guijuelo-salamanca-monteparra-logo-icon2.webp\" data-orig-src=\"https:\/\/www.monteparra.com\/tienda\/wp-content\/uploads\/2022\/10\/ibericos-jamones-embutidos-guijuelo-salamanca-monteparra-logo-icon2.webp\" alt class=\"lazyload img-responsive wp-image-3681\" srcset=\"data:image\/svg+xml,%3Csvg%20xmlns%3D%27http%3A%2F%2Fwww.w3.org%2F2000%2Fsvg%27%20width%3D%27500%27%20height%3D%27500%27%20viewBox%3D%270%200%20500%20500%27%3E%3Crect%20width%3D%27500%27%20height%3D%27500%27%20fill-opacity%3D%220%22%2F%3E%3C%2Fsvg%3E\" data-srcset=\"https:\/\/www.monteparra.com\/tienda\/wp-content\/uploads\/2022\/10\/ibericos-jamones-embutidos-guijuelo-salamanca-monteparra-logo-icon2-66x66.webp 66w, https:\/\/www.monteparra.com\/tienda\/wp-content\/uploads\/2022\/10\/ibericos-jamones-embutidos-guijuelo-salamanca-monteparra-logo-icon2-150x150.webp 150w, https:\/\/www.monteparra.com\/tienda\/wp-content\/uploads\/2022\/10\/ibericos-jamones-embutidos-guijuelo-salamanca-monteparra-logo-icon2-200x200.webp 200w, https:\/\/www.monteparra.com\/tienda\/wp-content\/uploads\/2022\/10\/ibericos-jamones-embutidos-guijuelo-salamanca-monteparra-logo-icon2-300x300.webp 300w, https:\/\/www.monteparra.com\/tienda\/wp-content\/uploads\/2022\/10\/ibericos-jamones-embutidos-guijuelo-salamanca-monteparra-logo-icon2-400x400.webp 400w, https:\/\/www.monteparra.com\/tienda\/wp-content\/uploads\/2022\/10\/ibericos-jamones-embutidos-guijuelo-salamanca-monteparra-logo-icon2.webp 500w\" data-sizes=\"auto\" data-orig-sizes=\"(max-width: 640px) 100vw, 400px\" \/><\/span><\/div><div class=\"fusion-text fusion-text-2\" style=\"--awb-content-alignment:center;--awb-font-size:14px;\"><p>Compra online 24\/7<br \/>\n<a href=\"mailto:administracion@monteparra.com\" target=\"_blank\" rel=\"noopener\">administracion@monteparra.com<\/a><br \/>\nL-V (7:00 a 15:00) &#8211; 923 58 11 42<\/p>\n<\/div><\/div><\/div><div class=\"fusion-layout-column fusion_builder_column fusion-builder-column-16 fusion_builder_column_1_6 1_6 fusion-flex-column\" style=\"--awb-padding-right:10px;--awb-padding-left:10px;--awb-bg-color:var(--awb-color1);--awb-bg-color-hover:var(--awb-color1);--awb-bg-position:center top;--awb-bg-size:cover;--awb-filter:saturate(100%);--awb-filter-transition:filter 0.3s ease;--awb-filter-hover:saturate(120%);--awb-width-large:16.666666666667%;--awb-margin-top-large:0px;--awb-spacing-right-large:0;--awb-margin-bottom-large:0px;--awb-spacing-left-large:0;--awb-width-medium:16.666666666667%;--awb-order-medium:0;--awb-spacing-right-medium:0;--awb-spacing-left-medium:0;--awb-width-small:100%;--awb-order-small:0;--awb-spacing-right-small:0;--awb-margin-bottom-small:20px;--awb-spacing-left-small:0;\"><div class=\"fusion-column-wrapper fusion-column-has-shadow fusion-flex-justify-content-center fusion-content-layout-column\"><div class=\"fusion-image-element \" style=\"--awb-margin-right:25px;--awb-margin-left:25px;--awb-margin-right-small:25%;--awb-margin-left-small:25%;--awb-caption-title-font-family:var(--h2_typography-font-family);--awb-caption-title-font-weight:var(--h2_typography-font-weight);--awb-caption-title-font-style:var(--h2_typography-font-style);--awb-caption-title-size:var(--h2_typography-font-size);--awb-caption-title-transform:var(--h2_typography-text-transform);--awb-caption-title-line-height:var(--h2_typography-line-height);--awb-caption-title-letter-spacing:var(--h2_typography-letter-spacing);\"><span class=\" fusion-imageframe imageframe-none imageframe-9 hover-type-none\"><img decoding=\"async\" width=\"500\" height=\"500\" title=\"ibericos-jamones-embutidos-guijuelo-salamanca-monteparra-logo-icon3\" src=\"https:\/\/www.monteparra.com\/tienda\/wp-content\/uploads\/2022\/10\/ibericos-jamones-embutidos-guijuelo-salamanca-monteparra-logo-icon3.webp\" data-orig-src=\"https:\/\/www.monteparra.com\/tienda\/wp-content\/uploads\/2022\/10\/ibericos-jamones-embutidos-guijuelo-salamanca-monteparra-logo-icon3.webp\" alt class=\"lazyload img-responsive wp-image-3682\" srcset=\"data:image\/svg+xml,%3Csvg%20xmlns%3D%27http%3A%2F%2Fwww.w3.org%2F2000%2Fsvg%27%20width%3D%27500%27%20height%3D%27500%27%20viewBox%3D%270%200%20500%20500%27%3E%3Crect%20width%3D%27500%27%20height%3D%27500%27%20fill-opacity%3D%220%22%2F%3E%3C%2Fsvg%3E\" data-srcset=\"https:\/\/www.monteparra.com\/tienda\/wp-content\/uploads\/2022\/10\/ibericos-jamones-embutidos-guijuelo-salamanca-monteparra-logo-icon3-66x66.webp 66w, https:\/\/www.monteparra.com\/tienda\/wp-content\/uploads\/2022\/10\/ibericos-jamones-embutidos-guijuelo-salamanca-monteparra-logo-icon3-150x150.webp 150w, https:\/\/www.monteparra.com\/tienda\/wp-content\/uploads\/2022\/10\/ibericos-jamones-embutidos-guijuelo-salamanca-monteparra-logo-icon3-200x200.webp 200w, https:\/\/www.monteparra.com\/tienda\/wp-content\/uploads\/2022\/10\/ibericos-jamones-embutidos-guijuelo-salamanca-monteparra-logo-icon3-300x300.webp 300w, https:\/\/www.monteparra.com\/tienda\/wp-content\/uploads\/2022\/10\/ibericos-jamones-embutidos-guijuelo-salamanca-monteparra-logo-icon3-400x400.webp 400w, https:\/\/www.monteparra.com\/tienda\/wp-content\/uploads\/2022\/10\/ibericos-jamones-embutidos-guijuelo-salamanca-monteparra-logo-icon3.webp 500w\" data-sizes=\"auto\" data-orig-sizes=\"(max-width: 640px) 100vw, 400px\" \/><\/span><\/div><div class=\"fusion-text fusion-text-3\" style=\"--awb-content-alignment:center;--awb-font-size:14px;\"><p>El cliente tiene 10 d\u00edas h\u00e1biles para efectuar la devoluci\u00f3n del producto<\/p>\n<\/div><\/div><\/div><div class=\"fusion-layout-column fusion_builder_column fusion-builder-column-17 fusion_builder_column_1_6 1_6 fusion-flex-column\" style=\"--awb-padding-right:10px;--awb-padding-left:10px;--awb-bg-color:var(--awb-color1);--awb-bg-color-hover:var(--awb-color1);--awb-bg-position:center top;--awb-bg-size:cover;--awb-filter:saturate(100%);--awb-filter-transition:filter 0.3s ease;--awb-filter-hover:saturate(120%);--awb-width-large:16.666666666667%;--awb-margin-top-large:0px;--awb-spacing-right-large:0;--awb-margin-bottom-large:0px;--awb-spacing-left-large:0;--awb-width-medium:16.666666666667%;--awb-order-medium:0;--awb-spacing-right-medium:0;--awb-spacing-left-medium:0;--awb-width-small:100%;--awb-order-small:0;--awb-spacing-right-small:0;--awb-margin-bottom-small:20px;--awb-spacing-left-small:0;\"><div class=\"fusion-column-wrapper fusion-column-has-shadow fusion-flex-justify-content-center fusion-content-layout-column\"><div class=\"fusion-image-element \" style=\"--awb-margin-right:25px;--awb-margin-left:25px;--awb-margin-right-small:25%;--awb-margin-left-small:25%;--awb-caption-title-font-family:var(--h2_typography-font-family);--awb-caption-title-font-weight:var(--h2_typography-font-weight);--awb-caption-title-font-style:var(--h2_typography-font-style);--awb-caption-title-size:var(--h2_typography-font-size);--awb-caption-title-transform:var(--h2_typography-text-transform);--awb-caption-title-line-height:var(--h2_typography-line-height);--awb-caption-title-letter-spacing:var(--h2_typography-letter-spacing);\"><span class=\" fusion-imageframe imageframe-none imageframe-10 hover-type-none\"><img decoding=\"async\" width=\"500\" height=\"500\" title=\"ibericos-jamones-embutidos-guijuelo-salamanca-monteparra-logo-icon4\" src=\"https:\/\/www.monteparra.com\/tienda\/wp-content\/uploads\/2022\/10\/ibericos-jamones-embutidos-guijuelo-salamanca-monteparra-logo-icon4.webp\" data-orig-src=\"https:\/\/www.monteparra.com\/tienda\/wp-content\/uploads\/2022\/10\/ibericos-jamones-embutidos-guijuelo-salamanca-monteparra-logo-icon4.webp\" alt class=\"lazyload img-responsive wp-image-3683\" srcset=\"data:image\/svg+xml,%3Csvg%20xmlns%3D%27http%3A%2F%2Fwww.w3.org%2F2000%2Fsvg%27%20width%3D%27500%27%20height%3D%27500%27%20viewBox%3D%270%200%20500%20500%27%3E%3Crect%20width%3D%27500%27%20height%3D%27500%27%20fill-opacity%3D%220%22%2F%3E%3C%2Fsvg%3E\" data-srcset=\"https:\/\/www.monteparra.com\/tienda\/wp-content\/uploads\/2022\/10\/ibericos-jamones-embutidos-guijuelo-salamanca-monteparra-logo-icon4-66x66.webp 66w, https:\/\/www.monteparra.com\/tienda\/wp-content\/uploads\/2022\/10\/ibericos-jamones-embutidos-guijuelo-salamanca-monteparra-logo-icon4-150x150.webp 150w, https:\/\/www.monteparra.com\/tienda\/wp-content\/uploads\/2022\/10\/ibericos-jamones-embutidos-guijuelo-salamanca-monteparra-logo-icon4-200x200.webp 200w, https:\/\/www.monteparra.com\/tienda\/wp-content\/uploads\/2022\/10\/ibericos-jamones-embutidos-guijuelo-salamanca-monteparra-logo-icon4-300x300.webp 300w, https:\/\/www.monteparra.com\/tienda\/wp-content\/uploads\/2022\/10\/ibericos-jamones-embutidos-guijuelo-salamanca-monteparra-logo-icon4-400x400.webp 400w, https:\/\/www.monteparra.com\/tienda\/wp-content\/uploads\/2022\/10\/ibericos-jamones-embutidos-guijuelo-salamanca-monteparra-logo-icon4.webp 500w\" data-sizes=\"auto\" data-orig-sizes=\"(max-width: 640px) 100vw, 400px\" \/><\/span><\/div><div class=\"fusion-text fusion-text-4\" style=\"--awb-content-alignment:center;--awb-font-size:14px;\"><p>PAGO SEGURO a trav\u00e9s de TARJETA o TRANSFERENCIA BANCARIA<\/p>\n<\/div><\/div><\/div><div class=\"fusion-layout-column fusion_builder_column fusion-builder-column-18 fusion_builder_column_1_6 1_6 fusion-flex-column fusion-no-small-visibility\" style=\"--awb-bg-color:var(--awb-color1);--awb-bg-color-hover:var(--awb-color1);--awb-bg-position:center top;--awb-bg-size:cover;--awb-filter:saturate(100%);--awb-filter-transition:filter 0.3s ease;--awb-filter-hover:saturate(120%);--awb-width-large:16.666666666667%;--awb-margin-top-large:0px;--awb-spacing-right-large:0;--awb-margin-bottom-large:0px;--awb-spacing-left-large:0;--awb-width-medium:16.666666666667%;--awb-order-medium:0;--awb-spacing-right-medium:0;--awb-spacing-left-medium:0;--awb-width-small:100%;--awb-order-small:0;--awb-spacing-right-small:0;--awb-spacing-left-small:0;\"><div class=\"fusion-column-wrapper fusion-column-has-shadow fusion-flex-justify-content-center fusion-content-layout-column\"><\/div><\/div><\/div><\/div><\/p>\n","protected":false},"excerpt":{"rendered":"","protected":false},"author":1,"featured_media":0,"parent":0,"menu_order":0,"comment_status":"closed","ping_status":"closed","template":"100-width.php","meta":{"footnotes":""},"class_list":["post-3545","page","type-page","status-publish","hentry"],"_links":{"self":[{"href":"https:\/\/www.monteparra.com\/tienda\/wp-json\/wp\/v2\/pages\/3545","targetHints":{"allow":["GET"]}}],"collection":[{"href":"https:\/\/www.monteparra.com\/tienda\/wp-json\/wp\/v2\/pages"}],"about":[{"href":"https:\/\/www.monteparra.com\/tienda\/wp-json\/wp\/v2\/types\/page"}],"author":[{"embeddable":true,"href":"https:\/\/www.monteparra.com\/tienda\/wp-json\/wp\/v2\/users\/1"}],"replies":[{"embeddable":true,"href":"https:\/\/www.monteparra.com\/tienda\/wp-json\/wp\/v2\/comments?post=3545"}],"version-history":[{"count":5,"href":"https:\/\/www.monteparra.com\/tienda\/wp-json\/wp\/v2\/pages\/3545\/revisions"}],"predecessor-version":[{"id":3670,"href":"https:\/\/www.monteparra.com\/tienda\/wp-json\/wp\/v2\/pages\/3545\/revisions\/3670"}],"wp:attachment":[{"href":"https:\/\/www.monteparra.com\/tienda\/wp-json\/wp\/v2\/media?parent=3545"}],"curies":[{"name":"wp","href":"https:\/\/api.w.org\/{rel}","templated":true}]}}